{"id":72728,"date":"2026-04-27T16:00:00","date_gmt":"2026-04-27T14:00:00","guid":{"rendered":"https:\/\/fundacjarakiety.pl\/podopieczni\/magdalena-gorska\/"},"modified":"2026-04-30T06:55:01","modified_gmt":"2026-04-30T04:55:01","slug":"magdalena-gorska","status":"publish","type":"beneficiaries","link":"https:\/\/fundacjarakiety.pl\/en\/podopieczni\/magdalena-gorska\/","title":{"rendered":"Moim najwi\u0119kszym marzeniem jest po prostu \u017cy\u0107"},"content":{"rendered":"<div dir=\"auto\" style=\"text-align: center;\">O <strong>raku piersi<\/strong> dowiedzia\u0142am si\u0119 7 maja na wizycie u onkologa, kt\u00f3r\u0105 uprzedza\u0142y r\u00f3\u017cne badania, takie jak USG, mammografia, tomografia, PET, czy biopsja. Leczenie rozpocz\u0119\u0142am od chemioterapii, przesz\u0142am sze\u015b\u0107 cykli podawanych, co trzy tygodnie. By\u0142 to bardzo trudny czas. Po ka\u017cdej dawce towarzyszy\u0142y mi silne skutki uboczne: przewlek\u0142e zm\u0119czenie, nudno\u015bci, zawroty g\u0142owy oraz wyra\u017any spadek si\u0142 i wydolno\u015bci.<\/div>\n<div dir=\"auto\" style=\"text-align: center;\">\n<p data-start=\"412\" data-end=\"874\">Obecnie chemioterapia zosta\u0142a zast\u0105piona leczeniem celowanym, kt\u00f3re r\u00f3wnie\u017c przyjmuj\u0119, co trzy tygodnie w formie wlew\u00f3w. Cho\u0107 organizm znosi je lepiej ni\u017c wcze\u015bniejsz\u0105 chemi\u0119, nadal zmagam si\u0119 z du\u017cym os\u0142abieniem, senno\u015bci\u0105 i zm\u0119czeniem, kt\u00f3re znacz\u0105co utrudniaj\u0105 mi codzienne funkcjonowanie. Zgodnie z zaleceniami lekarza prowadz\u0105cego leczenie b\u0119dzie kontynuowane tak d\u0142ugo, jak d\u0142ugo b\u0119dzie przynosi\u0142o efekty i dawa\u0142o szans\u0119 na zmniejszenie zmian nowotworowych.<\/p>\n<p data-start=\"876\" data-end=\"1185\">Choroba wi\u0105\u017ce si\u0119 nie tylko z ogromnym obci\u0105\u017ceniem fizycznym i psychicznym, ale tak\u017ce z rosn\u0105cymi kosztami. Ka\u017cdego miesi\u0105ca ponosz\u0119 wydatki zwi\u0105zane z lekami, suplementami, dojazdami do szpitali i na badania. Ostatnio dosz\u0142y r\u00f3wnie\u017c koszty wizyt ginekologicznych w zwi\u0105zku ze zmianami wykrytymi na jajnikach.<\/p>\n<p data-start=\"1187\" data-end=\"1614\">Dzi\u015b moje marzenia s\u0105 bardzo proste, a jednocze\u015bnie bezcenne <strong>chc\u0119 \u017cy\u0107<\/strong>. Chc\u0119 by\u0107 przy moich bliskich, towarzyszy\u0107 im w wa\u017cnych chwilach, patrze\u0107, jak dorastaj\u0105 moje dzieci i jak rozwija si\u0119 moja rodzina. Marz\u0119 o tym, by za kilka lub kilkana\u015bcie lat m\u00f3c cieszy\u0107 si\u0119 obecno\u015bci\u0105 wnuk\u00f3w i by\u0107 cz\u0119\u015bci\u0105 ich \u015bwiata. Chcia\u0142abym te\u017c odzyska\u0107 si\u0142\u0119, by pewnego dnia pojecha\u0107 z rodzin\u0105 do Zakopanego i zn\u00f3w razem zdobywa\u0107 g\u00f3rskie szczyty.<\/p>\n<p data-start=\"1616\" data-end=\"1846\" data-is-last-node=\"\" data-is-only-node=\"\">Z ca\u0142ego serca dzi\u0119kuj\u0119 za ka\u017cd\u0105 form\u0119 wsparcia. Ka\u017cda pomoc to dla mnie nie tylko realne odci\u0105\u017cenie w codziennej walce z chorob\u0105, ale tak\u017ce nadzieja, \u017ce przede mn\u0105 jeszcze wiele wsp\u00f3lnych chwil z tymi, kt\u00f3rych kocham najbardziej.<\/p>\n<\/div>\n<div dir=\"auto\" style=\"text-align: center;\">\u00a0<\/div>\n<div dir=\"auto\" style=\"text-align: center;\">\u00a0<\/div>","protected":false},"excerpt":{"rendered":"<p>7 maja us\u0142ysza\u0142am diagnoz\u0119: rak piersi. Mimo to nie trac\u0119 nadziei. Moim najwi\u0119kszym marzeniem jest po prostu \u017cy\u0107, by\u0107 przy moich bliskich, patrze\u0107 jak dorastaj\u0105 moje dzieci i odzyska\u0107 si\u0142\u0119, by zn\u00f3w cieszy\u0107 si\u0119 wsp\u00f3lnymi chwilami. Dzi\u0119kuj\u0119 za ka\u017cd\u0105 form\u0119 wsparcia.<\/p>","protected":false},"author":21,"featured_media":72727,"template":"","meta":{"page_title":"Moim najwi\u0119kszym marzeniem jest po prostu \u017cy\u0107","first_name":"Magdalena","last_name":"G\u00f3rska","name_variation":"Magdalena","funds_collected":4755,"funds_target":50000,"currency":"z\u0142","left_on_the_subaccount":4755,"refunded_expenses":0,"collection_on":"leki, suplementy, dojazdy, badania","content_update":"","number_pln":"52 1050 1025 1000 0090 3010 4252","number_usd":"PL54 1050 1025 1000 0090 8058 1367","number_eur":"PL32 1050 1025 1000 0090 8058 1375","number_gbp":"PL76 1050 1025 1000 0090 8058 1359","swift":"INGBPLPW","transfer_title":"Magdalena G\u00f3rska","recipient_details":"Fundacja Onkologiczna Rakiety, ul. Stryje\u0144skich 19 lok. U21\/21A, 02-791 Warszawa","krs":"0000414091","tax_specific_target":"Magdalena G\u00f3rska","fundraiser_iri":"\/api\/public\/fundraisers\/893"},"beneficiary_categories":[176],"class_list":["post-72728","beneficiaries","type-beneficiaries","status-publish","has-post-thumbnail","hentry"],"_links":{"self":[{"href":"https:\/\/fundacjarakiety.pl\/en\/wp-json\/wp\/v2\/beneficiaries\/72728"}],"collection":[{"href":"https:\/\/fundacjarakiety.pl\/en\/wp-json\/wp\/v2\/beneficiaries"}],"about":[{"href":"https:\/\/fundacjarakiety.pl\/en\/wp-json\/wp\/v2\/types\/beneficiaries"}],"author":[{"embeddable":true,"href":"https:\/\/fundacjarakiety.pl\/en\/wp-json\/wp\/v2\/users\/21"}],"wp:featuredmedia":[{"embeddable":true,"href":"https:\/\/fundacjarakiety.pl\/en\/wp-json\/wp\/v2\/media\/72727"}],"wp:attachment":[{"href":"https:\/\/fundacjarakiety.pl\/en\/wp-json\/wp\/v2\/media?parent=72728"}],"wp:term":[{"taxonomy":"beneficiary_categories","embeddable":true,"href":"https:\/\/fundacjarakiety.pl\/en\/wp-json\/wp\/v2\/beneficiary_categories?post=72728"}],"curies":[{"name":"wp","href":"https:\/\/api.w.org\/{rel}","templated":true}]}}