{"id":72726,"date":"2026-04-27T13:30:00","date_gmt":"2026-04-27T11:30:00","guid":{"rendered":"https:\/\/fundacjarakiety.pl\/?post_type=beneficiaries&#038;p=72726"},"modified":"2026-04-29T17:07:42","modified_gmt":"2026-04-29T15:07:42","slug":"magdalena-blaszczyk","status":"publish","type":"beneficiaries","link":"https:\/\/fundacjarakiety.pl\/en\/podopieczni\/magdalena-blaszczyk\/","title":{"rendered":"Zbi\u00f3rka na leczenie Magdaleny B\u0142aszczyk"},"content":{"rendered":"<p dir=\"ltr\" style=\"text-align: center;\">Pod koniec marca ubieg\u0142ego roku wyczu\u0142am w okolicy \u017co\u0142\u0105dka bardzo du\u017ce zgrubienie. Stara\u0142am si\u0119 uspokoi\u0107, ale wyczuwa\u0142am, \u017ce to guz. Po badaniu USG lekarz przekaza\u0142, \u017ce jest ognisko zapalne wielko\u015bci 6,5 cm. Nawet nie skojarzy\u0142am tego z rakiem, uwa\u017ca\u0142am, \u017ce jest to jaki\u015b stan zapalny. By\u0142am zdezorientowana, zaskoczona i chyba nie do ko\u0144ca rozumia\u0142am, co si\u0119 dzieje. Lekarz rodziny uspokaja\u0142, podkre\u015blaj\u0105c jednak, \u017ce konieczna jest dalsza diagnostyka u lekarza onkologa.<\/p>\n<p dir=\"ltr\" style=\"text-align: center;\">Wyniki bada\u0144 przysz\u0142y pod koniec maja i potwierdzi\u0142y najgorsze obawy &#8211; rak dr\u00f3g \u017c\u00f3\u0142ciowych i przerzuty do w\u0105troby. M\u00f3j \u015bwiat si\u0119 zawali\u0142, nie umia\u0142am my\u015ble\u0107, spa\u0107, je\u015b\u0107. Nie wierzy\u0142am w to, co si\u0119 dzieje. By\u0142am pewna, \u017ce za chwil\u0119 si\u0119 obudz\u0119 i oka\u017ce si\u0119, \u017ce to by\u0142 tylko straszny sen.\u00a0Kazano mi czeka\u0107 na telefon od koordynatora lekarza onkologa celem um\u00f3wienia wizyty. W mi\u0119dzyczasie odby\u0142o si\u0119 konsylium lekarskie, na kt\u00f3rym us\u0142ysza\u0142am, \u017ce przeszczep by\u0142by najlepszym rozwi\u0105zaniem.\u00a0<\/p>\n<p dir=\"ltr\" style=\"text-align: center;\">Konsultowa\u0142am si\u0119 r\u00f3wnie\u017c w szpitalu w Gliwicach, w Radomiu. Po wykluczeniu przerzut\u00f3w z trzustki, piersi by\u0142am odrobin\u0119 spokojniejsza, ale wci\u0105\u017c nie wiedzia\u0142am, co przede mn\u0105. Pod koniec sierpnia 2025 r. zacz\u0119\u0142am pierwsz\u0105 chemioterapi\u0119. Przed chemioterapi\u0105 podj\u0119\u0142am stosown\u0105 diet\u0119 i suplementacj\u0119, aby wzmocni\u0107 organizm, szczeg\u00f3lnie uk\u0142ad odporno\u015bciowego i jelita. Podczas chemioterapii nie czu\u0142am si\u0119 \u017ale, dobrze j\u0105 znosi\u0142am, obawia\u0142am si\u0119, \u017ce b\u0119dzie gorzej. My\u015bl\u0119, \u017ce to zas\u0142uga podj\u0119tych i wdro\u017conych przeze mnie dzia\u0142a\u0144 przed chemioterapi\u0105. Chemioterapii jednak nie mog\u0119 kontynuowa\u0107 w Polsce z powodu stopnia zaj\u0119cia w\u0105troby przez zmiany nowotworowe.<\/p>\n<p dir=\"ltr\" style=\"text-align: center;\">Obecnie nie korzystam z leczenia na NFZ. Szukam sama ratunku dla siebie, kontaktuj\u0119 si\u0119 z r\u00f3\u017cnymi lekarzami, szukam jeszcze szansy na leczenie i tej nadziei, kt\u00f3ra pozwoli mi jeszcze podj\u0105\u0107 leczenie i \u017cy\u0107. Znalaz\u0142am klinik\u0119 onkologiczn\u0105 za granic\u0105, kt\u00f3ra podj\u0119\u0142a si\u0119 mojego leczenia. Na obecnym etapie planowane jest wdro\u017cenie nowego protoko\u0142u leczenia, kt\u00f3ry obejmie now\u0105 chemioterapi\u0119 wspomagan\u0105 metabolicznie, hipertermi\u0119, tlenoterapi\u0119 hiperbaryczn\u0105 i wspomagaj\u0105ce infuzje wraz z lekami doustnymi (suplementami i lekami o innym zastosowaniu) oraz diet\u0119 u\u0142o\u017con\u0105 stosownie do stanu zdrowia.<\/p>\n<p dir=\"ltr\" style=\"text-align: center;\">Koszt leczenia za granic\u0105 obejmuj\u0105cy 10 intensywnych cykli leczenia wraz z biletami lotniczymi, wy\u017cywieniem i pobytem to 277.700 PLN, co znacznie przewy\u017csza mo\u017cliwo\u015bci finansowe moje i mojej rodziny.<\/p>\n<p dir=\"ltr\" style=\"text-align: center;\">Mam dw\u00f3jk\u0119 wspania\u0142ych dzieci i cudown\u0105 Rodzin\u0119 dla kt\u00f3rych chcia\u0142abym \u017cy\u0107. Jeste\u015bmy wszyscy bardzo z\u017cyci, zawsze mo\u017cemy na siebie liczy\u0107. Marz\u0119, \u017ceby zn\u00f3w si\u0119 \u015bmia\u0107, cieszy\u0107 si\u0119 ka\u017cdym nowym dniem, kt\u00f3ry teraz doceniam jeszcze mocniej. Zawsze du\u017co podr\u00f3\u017cowa\u0142am i by\u0142am aktywna fizycznie, chcia\u0142abym wr\u00f3ci\u0107 do sportu i odwiedzi\u0107 jeszcze wiele miejsc, patrze\u0107 jak wschodzi i zachodzi s\u0142o\u0144ce, ale przede wszystkim <strong>chc\u0119 \u017cy\u0107<\/strong>.<\/p>","protected":false},"excerpt":{"rendered":"<p>Marz\u0119, \u017ceby zn\u00f3w si\u0119 \u015bmia\u0107, cieszy\u0107 si\u0119 ka\u017cdym nowym dniem, odwiedzi\u0107 jeszcze wiele miejsc, patrze\u0107 jak wschodzi i zachodzi s\u0142o\u0144ce. Mam dw\u00f3jk\u0119 wspania\u0142ych dzieci i cudown\u0105 Rodzin\u0119, dla kt\u00f3rej chcia\u0142abym \u017cy\u0107. Zbieram \u015brodki na specjalistyczne leczenie za granic\u0105, bo nie ma dla mnie dost\u0119pnego leczenia w Polsce.<\/p>","protected":false},"author":21,"featured_media":72725,"template":"","meta":{"page_title":"Zbi\u00f3rka na leczenie Magdaleny B\u0142aszczyk","first_name":"Magdalena","last_name":"B\u0142aszczyk","name_variation":"Magdalena","funds_collected":9267.4,"funds_target":277000,"currency":"z\u0142","left_on_the_subaccount":9267.4,"refunded_expenses":0,"collection_on":"leczenie specjalistyczne za granic\u0105","content_update":"","number_pln":"52 1050 1025 1000 0090 3010 4252","number_usd":"PL54 1050 1025 1000 0090 8058 1367","number_eur":"PL32 1050 1025 1000 0090 8058 1375","number_gbp":"PL76 1050 1025 1000 0090 8058 1359","swift":"INGBPLPW","transfer_title":"Magdalena B\u0142aszczyk","recipient_details":"Fundacja Onkologiczna Rakiety, ul. Stryje\u0144skich 19 lok. U21\/21A, 02-791 Warszawa","krs":"0000414091","tax_specific_target":"Magdalena B\u0142aszczyk","fundraiser_iri":"\/api\/public\/fundraisers\/892"},"beneficiary_categories":[176],"class_list":["post-72726","beneficiaries","type-beneficiaries","status-publish","has-post-thumbnail","hentry"],"_links":{"self":[{"href":"https:\/\/fundacjarakiety.pl\/en\/wp-json\/wp\/v2\/beneficiaries\/72726"}],"collection":[{"href":"https:\/\/fundacjarakiety.pl\/en\/wp-json\/wp\/v2\/beneficiaries"}],"about":[{"href":"https:\/\/fundacjarakiety.pl\/en\/wp-json\/wp\/v2\/types\/beneficiaries"}],"author":[{"embeddable":true,"href":"https:\/\/fundacjarakiety.pl\/en\/wp-json\/wp\/v2\/users\/21"}],"wp:featuredmedia":[{"embeddable":true,"href":"https:\/\/fundacjarakiety.pl\/en\/wp-json\/wp\/v2\/media\/72725"}],"wp:attachment":[{"href":"https:\/\/fundacjarakiety.pl\/en\/wp-json\/wp\/v2\/media?parent=72726"}],"wp:term":[{"taxonomy":"beneficiary_categories","embeddable":true,"href":"https:\/\/fundacjarakiety.pl\/en\/wp-json\/wp\/v2\/beneficiary_categories?post=72726"}],"curies":[{"name":"wp","href":"https:\/\/api.w.org\/{rel}","templated":true}]}}